{"id":10,"date":"2023-07-15T08:10:43","date_gmt":"2023-07-15T08:10:43","guid":{"rendered":"https:\/\/elfogondeenrique.es\/?page_id=10"},"modified":"2023-08-01T10:59:35","modified_gmt":"2023-08-01T10:59:35","slug":"inicio","status":"publish","type":"page","link":"https:\/\/elfogondeenrique.es\/index.php\/inicio\/","title":{"rendered":"El Fog\u00f3n de Enrique &#8211; Mota del Cuervo"},"content":{"rendered":"\n<div class=\"wp-block-group alignfull has-ast-global-color-5-background-color has-background\" style=\"padding-bottom:0px\"><div class=\"wp-block-group__inner-container is-layout-constrained wp-container-core-group-is-layout-a5588c49 wp-block-group-is-layout-constrained\">\n<div class=\"wp-block-columns are-vertically-aligned-top is-layout-flex wp-container-core-columns-is-layout-753d627f wp-block-columns-is-layout-flex\">\n<div class=\"wp-block-column is-vertically-aligned-top is-layout-flow wp-block-column-is-layout-flow\">\n<figure class=\"wp-block-image size-full\"><img loading=\"lazy\" decoding=\"async\" width=\"64\" height=\"64\" src=\"https:\/\/elfogondeenrique.es\/wp-content\/uploads\/2023\/07\/Orion_recycle.png\" alt=\"\" class=\"wp-image-61\"\/><\/figure>\n\n\n\n<h3 class=\"wp-block-heading has-text-align-left\" style=\"margin-top:16px\">Compromiso local<\/h3>\n\n\n\n<p class=\"has-text-align-left wp-block-paragraph\">Somos parte de nuestro pueblo y regi\u00f3n. Trabajamos por la cercan\u00eda y el medioambiente.<\/p>\n<\/div>\n\n\n\n<div class=\"wp-block-column is-vertically-aligned-top is-layout-flow wp-block-column-is-layout-flow\">\n<figure class=\"wp-block-image size-full\"><img loading=\"lazy\" decoding=\"async\" width=\"64\" height=\"64\" src=\"https:\/\/elfogondeenrique.es\/wp-content\/uploads\/2023\/07\/Orion_wheat.png\" alt=\"\" class=\"wp-image-60\"\/><\/figure>\n\n\n\n<h3 class=\"wp-block-heading has-text-align-left\" style=\"margin-top:16px\">Sin Gluten<\/h3>\n\n\n\n<p class=\"has-text-align-left wp-block-paragraph\">Opciones veganas y sin gluten en nuestra carta.<\/p>\n<\/div>\n\n\n\n<div class=\"wp-block-column is-vertically-aligned-top is-layout-flow wp-block-column-is-layout-flow\">\n<figure class=\"wp-block-image size-full\"><img loading=\"lazy\" decoding=\"async\" width=\"64\" height=\"64\" src=\"https:\/\/elfogondeenrique.es\/wp-content\/uploads\/2023\/07\/Orion_wifi.png\" alt=\"\" class=\"wp-image-59\"\/><\/figure>\n\n\n\n<h3 class=\"wp-block-heading has-text-align-left\" style=\"margin-top:16px\">Wi-fi<\/h3>\n\n\n\n<p class=\"has-text-align-left wp-block-paragraph\">Nuestro local dispone de conectividad para que no te quedes desconectado. <\/p>\n<\/div>\n\n\n\n<div class=\"wp-block-column is-vertically-aligned-top is-layout-flow wp-block-column-is-layout-flow\">\n<figure class=\"wp-block-image size-full\"><img loading=\"lazy\" decoding=\"async\" width=\"64\" height=\"64\" src=\"https:\/\/elfogondeenrique.es\/wp-content\/uploads\/2023\/07\/Orion_wine-bottle.png\" alt=\"\" class=\"wp-image-58\"\/><\/figure>\n\n\n\n<h3 class=\"wp-block-heading has-text-align-left\" style=\"margin-top:16px\">Vinos<\/h3>\n\n\n\n<p class=\"has-text-align-left wp-block-paragraph\">Disfruta de nuestra carta de vinos con los mejores caldos de La Mancha.<\/p>\n<\/div>\n<\/div>\n<\/div><\/div>\n\n\n\n<div class=\"wp-block-group alignfull\" id=\"services\" style=\"padding-top:144px;padding-bottom:0px\"><div class=\"wp-block-group__inner-container is-layout-constrained wp-container-core-group-is-layout-bbf5e608 wp-block-group-is-layout-constrained\">\n<h2 class=\"wp-block-heading\">El Restaurante<\/h2>\n\n\n\n<div class=\"wp-block-columns is-layout-flex wp-container-core-columns-is-layout-482a114e wp-block-columns-is-layout-flex\" style=\"margin-top:50px\">\n<div class=\"wp-block-column is-layout-flow wp-block-column-is-layout-flow\">\n<figure class=\"wp-block-image size-full is-resized\"><img loading=\"lazy\" decoding=\"async\" src=\"https:\/\/elfogondeenrique.es\/wp-content\/uploads\/2023\/07\/el-fogon-de-enrique.jpg\" alt=\"\" class=\"wp-image-42\" width=\"289\" height=\"192\" srcset=\"https:\/\/elfogondeenrique.es\/wp-content\/uploads\/2023\/07\/el-fogon-de-enrique.jpg 550w, https:\/\/elfogondeenrique.es\/wp-content\/uploads\/2023\/07\/el-fogon-de-enrique-300x200.jpg 300w\" sizes=\"auto, (max-width: 289px) 100vw, 289px\" \/><\/figure>\n\n\n\n<h3 class=\"wp-block-heading\" style=\"margin-top:16px\">Comidas y Cenas<\/h3>\n\n\n\n<p class=\"wp-block-paragraph\">Reserva en nuestro comedor para disfrutar de una experiencia diferente. <\/p>\n\n\n\n<p class=\"wp-block-paragraph\">Todo tipo de comidas y especialidades manchegas para hacer de tu visita un d\u00eda especial.<\/p>\n<\/div>\n\n\n\n<div class=\"wp-block-column is-layout-flow wp-block-column-is-layout-flow\">\n<figure class=\"wp-block-image size-full is-resized\"><img loading=\"lazy\" decoding=\"async\" src=\"https:\/\/elfogondeenrique.es\/wp-content\/uploads\/2023\/07\/eventos-el-fogon.jpeg\" alt=\"\" class=\"wp-image-37\" width=\"257\" height=\"192\" srcset=\"https:\/\/elfogondeenrique.es\/wp-content\/uploads\/2023\/07\/eventos-el-fogon.jpeg 1024w, https:\/\/elfogondeenrique.es\/wp-content\/uploads\/2023\/07\/eventos-el-fogon-300x225.jpeg 300w, https:\/\/elfogondeenrique.es\/wp-content\/uploads\/2023\/07\/eventos-el-fogon-768x576.jpeg 768w\" sizes=\"auto, (max-width: 257px) 100vw, 257px\" \/><\/figure>\n\n\n\n<h3 class=\"wp-block-heading\" style=\"margin-top:16px\">Eventos<\/h3>\n\n\n\n<p class=\"wp-block-paragraph\">Celebra cualquier tipo de evento en nuestros jardines. <\/p>\n\n\n\n<p class=\"wp-block-paragraph\">Nos encargamos de todo para que tu solo tengas que disfrutar y guardar en tu retina un d\u00eda \u00fanico e irrepetible. <\/p>\n<\/div>\n\n\n\n<div class=\"wp-block-column is-layout-flow wp-block-column-is-layout-flow\">\n<figure class=\"wp-block-image size-full is-resized\"><img loading=\"lazy\" decoding=\"async\" src=\"https:\/\/elfogondeenrique.es\/wp-content\/uploads\/2023\/07\/terraza-fogon-de-enrique.jpg\" alt=\"\" class=\"wp-image-57\" width=\"382\" height=\"191\" srcset=\"https:\/\/elfogondeenrique.es\/wp-content\/uploads\/2023\/07\/terraza-fogon-de-enrique.jpg 550w, https:\/\/elfogondeenrique.es\/wp-content\/uploads\/2023\/07\/terraza-fogon-de-enrique-300x150.jpg 300w\" sizes=\"auto, (max-width: 382px) 100vw, 382px\" \/><\/figure>\n\n\n\n<h3 class=\"wp-block-heading\" style=\"margin-top:16px\">Terraza y cafeter\u00eda<\/h3>\n\n\n\n<p class=\"wp-block-paragraph\">Nuestro servicio de terraza y cafeter\u00eda est\u00e1 dise\u00f1ado para que compartir esos momentos que nos deja el d\u00eda a d\u00eda. <\/p>\n\n\n\n<p class=\"wp-block-paragraph\">Desde las 10:00 de la ma\u00f1ana preparados para lo que necesites. <\/p>\n<\/div>\n<\/div>\n<\/div><\/div>\n\n\n\n<div class=\"wp-block-group alignfull has-ast-global-color-5-background-color has-background\" id=\"about\" style=\"padding-top:143px;padding-bottom:144px\"><div class=\"wp-block-group__inner-container is-layout-constrained wp-container-core-group-is-layout-cb216c6b wp-block-group-is-layout-constrained\">\n<h2 class=\"wp-block-heading\">El Entorno<\/h2>\n\n\n\n<p class=\"wp-block-paragraph\">El Fog\u00f3n de Enrique se encuentran en el paseo del rabosero, un paraje de pinos y monte famoso en la zona, frente a la sierra de Mota del Cuervo, donde se sit\u00faan los Molinos de viento, tierra donde Cervantes situ\u00f3 la aventura m\u00e1s famosa de la literatura universal.<\/p>\n\n\n\n<figure class=\"wp-block-image size-full is-resized\"><img loading=\"lazy\" decoding=\"async\" src=\"https:\/\/elfogondeenrique.es\/wp-content\/uploads\/2023\/07\/flamencos-lagunas-de-manjavacas.jpg\" alt=\"\" class=\"wp-image-62\" width=\"838\" height=\"602\" srcset=\"https:\/\/elfogondeenrique.es\/wp-content\/uploads\/2023\/07\/flamencos-lagunas-de-manjavacas.jpg 540w, https:\/\/elfogondeenrique.es\/wp-content\/uploads\/2023\/07\/flamencos-lagunas-de-manjavacas-300x216.jpg 300w\" sizes=\"auto, (max-width: 838px) 100vw, 838px\" \/><\/figure>\n\n\n\n<p class=\"wp-block-paragraph\">Los molinos,originales del siglo XVI, el molino-museo \u00abEl Gigante\u00bb donde se siguen haciendo moliendas los Domingos. Entre el patrimonio hist\u00f3rico-art\u00edstico de&nbsp;Mota del Cuervo tambi\u00e9n podemos comentar, la Tercia Real, la Iglesia de San Miguel o la ermita de la Virgen de manjavacas, situada a 7Km del n\u00facleo urbano y que goza de unas lagunas del mismo nombre. Se trata de uno de los humedales m\u00e1s importantes de La Mancha gracias a el avistamiento de muchas especies de aves.&nbsp;<\/p>\n\n\n\n<p class=\"wp-block-paragraph\">Nos encontramos a apenas 8&nbsp;kil\u00f3metros de Belmonte, premiada en 2016 como \u00abEl pueblo mas bonito de Castilla &#8211; La Mancha\u00bb, gracias en parte a su castillo, desde el que en esas mismas navidades se emitieron las campanadas de fin de a\u00f1o. En Belmonte se pueden visitar varios edificios hist\u00f3ricos y un palacio-balneario de reciente restauraci\u00f3n y apertura.&nbsp;<\/p>\n\n\n\n<p class=\"wp-block-paragraph\">A poco m\u00e1s de quince kil\u00f3metros se ubica El Toboso, la patria de Dulcinea. Un peque\u00f1o municipio con un gran conjunto patrimonial, con edificios como la Iglesia de San Antonio Abad, el Convento de Trinitarias o el Convento de las Clarisas, junto a sus casas t\u00edpicas y patios manchegos. Entre los espacios expositores, destacan el Museo Cervantino y la Casa Museo de Dulcinea.&nbsp;<\/p>\n\n\n\n<p class=\"wp-block-paragraph\">Adem\u00e1s, estamos en pleno mar de vides, en el mayor vi\u00f1edo del mundo, con bodegas que ofrecen interesantes visitas guiadas.<\/p>\n<\/div><\/div>\n\n\n\n<div class=\"wp-block-group alignfull has-ast-global-color-4-background-color has-background\" id=\"reviews\"><div class=\"wp-block-group__inner-container is-layout-constrained wp-container-core-group-is-layout-8d501afc wp-block-group-is-layout-constrained\">\n<p class=\"has-text-align-center wp-block-paragraph\"><\/p>\n<\/div><\/div>\n\n\n\n<div class=\"wp-block-group alignfull\" id=\"whyus\" style=\"padding-top:144px;padding-bottom:144px\"><div class=\"wp-block-group__inner-container is-layout-constrained wp-container-core-group-is-layout-9a41af3d wp-block-group-is-layout-constrained\">\n<h2 class=\"wp-block-heading\">\u00bfPor qu\u00e9 elegirnos?<\/h2>\n\n\n\n<div class=\"wp-block-columns is-layout-flex wp-container-core-columns-is-layout-81724971 wp-block-columns-is-layout-flex\" style=\"margin-top:60px\">\n<div class=\"wp-block-column is-layout-flow wp-block-column-is-layout-flow\">\n<figure class=\"wp-block-image size-large\"><img decoding=\"async\" src=\"https:\/\/elfogondeenrique.es\/wp-content\/themes\/astra\/inc\/assets\/images\/starter-content\/passionate.svg\" alt=\"\" class=\"wp-image-162\"\/><\/figure>\n\n\n\n<h3 class=\"wp-block-heading\" style=\"margin-top:16px\">Pasi\u00f3n<\/h3>\n\n\n\n<p class=\"wp-block-paragraph\">Cada uno de nuestros pasos va acompasado con el latir de nuestro coraz\u00f3n. El Fog\u00f3n es un proyecto creado por y para ti.<\/p>\n<\/div>\n\n\n\n<div class=\"wp-block-column is-layout-flow wp-block-column-is-layout-flow\">\n<figure class=\"wp-block-image size-large\"><img decoding=\"async\" src=\"https:\/\/elfogondeenrique.es\/wp-content\/themes\/astra\/inc\/assets\/images\/starter-content\/professional.svg\" alt=\"\" class=\"wp-image-163\"\/><\/figure>\n\n\n\n<h3 class=\"wp-block-heading\" style=\"margin-top:16px\">Profesiona<\/h3>\n\n\n\n<h3 class=\"wp-block-heading\" style=\"margin-top:16px\">lidad<\/h3>\n\n\n\n<p class=\"wp-block-paragraph\">Nos avalan d\u00e9cadas de duro trabajo en la hosteler\u00eda para atender a cada cliente como se merece: de una manera \u00fanica. <\/p>\n<\/div>\n\n\n\n<div class=\"wp-block-column is-layout-flow wp-block-column-is-layout-flow\">\n<figure class=\"wp-block-image size-large\"><img decoding=\"async\" src=\"https:\/\/elfogondeenrique.es\/wp-content\/themes\/astra\/inc\/assets\/images\/starter-content\/support.svg\" alt=\"\" class=\"wp-image-164\"\/><\/figure>\n\n\n\n<h3 class=\"wp-block-heading\" style=\"margin-top:16px\">Calidad<\/h3>\n\n\n\n<p class=\"wp-block-paragraph\">Trabajamos con el mejor producto para poder darte el mejor servicio. Para cocinar bien primero hay que comprar bien.<\/p>\n<\/div>\n<\/div>\n<\/div><\/div>\n","protected":false},"excerpt":{"rendered":"<p>Compromiso local Somos parte de nuestro pueblo y regi\u00f3n. Trabajamos por la cercan\u00eda y el medioambiente. Sin Gluten Opciones veganas y sin gluten en nuestra carta. Wi-fi Nuestro local dispone de conectividad para que no te quedes desconectado. Vinos Disfruta de nuestra carta de vinos con los mejores caldos de La Mancha. El Restaurante Comidas [&hellip;]<\/p>\n","protected":false},"author":1,"featured_media":0,"parent":0,"menu_order":0,"comment_status":"closed","ping_status":"closed","template":"","meta":{"footnotes":""},"class_list":["post-10","page","type-page","status-publish","hentry"],"yoast_head":"<!-- This site is optimized with the Yoast SEO plugin v20.11 - https:\/\/yoast.com\/wordpress\/plugins\/seo\/ -->\n<title>El Fog\u00f3n de Enrique - Mota del Cuervo - El Fog\u00f3n de Enrique<\/title>\n<meta name=\"robots\" content=\"index, follow, max-snippet:-1, max-image-preview:large, max-video-preview:-1\" \/>\n<link rel=\"canonical\" href=\"https:\/\/elfogondeenrique.es\/index.php\/inicio\/\" \/>\n<meta property=\"og:locale\" content=\"es_ES\" \/>\n<meta property=\"og:type\" content=\"article\" \/>\n<meta property=\"og:title\" content=\"El Fog\u00f3n de Enrique - Mota del Cuervo - El Fog\u00f3n de Enrique\" \/>\n<meta property=\"og:description\" content=\"Compromiso local Somos parte de nuestro pueblo y regi\u00f3n. Trabajamos por la cercan\u00eda y el medioambiente. Sin Gluten Opciones veganas y sin gluten en nuestra carta. Wi-fi Nuestro local dispone de conectividad para que no te quedes desconectado. Vinos Disfruta de nuestra carta de vinos con los mejores caldos de La Mancha. El Restaurante Comidas [&hellip;]\" \/>\n<meta property=\"og:url\" content=\"https:\/\/elfogondeenrique.es\/index.php\/inicio\/\" \/>\n<meta property=\"og:site_name\" content=\"El Fog\u00f3n de Enrique\" \/>\n<meta property=\"article:modified_time\" content=\"2023-08-01T10:59:35+00:00\" \/>\n<meta property=\"og:image\" content=\"https:\/\/elfogondeenrique.es\/wp-content\/uploads\/2023\/07\/Orion_recycle.png\" \/>\n<meta name=\"twitter:card\" content=\"summary_large_image\" \/>\n<meta name=\"twitter:label1\" content=\"Tiempo de lectura\" \/>\n\t<meta name=\"twitter:data1\" content=\"5 minutos\" \/>\n<script type=\"application\/ld+json\" class=\"yoast-schema-graph\">{\"@context\":\"https:\/\/schema.org\",\"@graph\":[{\"@type\":\"WebPage\",\"@id\":\"https:\/\/elfogondeenrique.es\/index.php\/inicio\/\",\"url\":\"https:\/\/elfogondeenrique.es\/index.php\/inicio\/\",\"name\":\"El Fog\u00f3n de Enrique - Mota del Cuervo - El Fog\u00f3n de Enrique\",\"isPartOf\":{\"@id\":\"https:\/\/elfogondeenrique.es\/#website\"},\"datePublished\":\"2023-07-15T08:10:43+00:00\",\"dateModified\":\"2023-08-01T10:59:35+00:00\",\"breadcrumb\":{\"@id\":\"https:\/\/elfogondeenrique.es\/index.php\/inicio\/#breadcrumb\"},\"inLanguage\":\"es\",\"potentialAction\":[{\"@type\":\"ReadAction\",\"target\":[\"https:\/\/elfogondeenrique.es\/index.php\/inicio\/\"]}]},{\"@type\":\"BreadcrumbList\",\"@id\":\"https:\/\/elfogondeenrique.es\/index.php\/inicio\/#breadcrumb\",\"itemListElement\":[{\"@type\":\"ListItem\",\"position\":1,\"name\":\"Portada\",\"item\":\"https:\/\/elfogondeenrique.es\/\"},{\"@type\":\"ListItem\",\"position\":2,\"name\":\"El Fog\u00f3n de Enrique &#8211; Mota del Cuervo\"}]},{\"@type\":\"WebSite\",\"@id\":\"https:\/\/elfogondeenrique.es\/#website\",\"url\":\"https:\/\/elfogondeenrique.es\/\",\"name\":\"El Fog\u00f3n de Enrique\",\"description\":\"\",\"publisher\":{\"@id\":\"https:\/\/elfogondeenrique.es\/#organization\"},\"potentialAction\":[{\"@type\":\"SearchAction\",\"target\":{\"@type\":\"EntryPoint\",\"urlTemplate\":\"https:\/\/elfogondeenrique.es\/?s={search_term_string}\"},\"query-input\":\"required name=search_term_string\"}],\"inLanguage\":\"es\"},{\"@type\":\"Organization\",\"@id\":\"https:\/\/elfogondeenrique.es\/#organization\",\"name\":\"El Fog\u00f3n de Enrique\",\"url\":\"https:\/\/elfogondeenrique.es\/\",\"logo\":{\"@type\":\"ImageObject\",\"inLanguage\":\"es\",\"@id\":\"https:\/\/elfogondeenrique.es\/#\/schema\/logo\/image\/\",\"url\":\"https:\/\/elfogondeenrique.es\/wp-content\/uploads\/2023\/07\/cropped-logo-fogon.png\",\"contentUrl\":\"https:\/\/elfogondeenrique.es\/wp-content\/uploads\/2023\/07\/cropped-logo-fogon.png\",\"width\":94,\"height\":148,\"caption\":\"El Fog\u00f3n de Enrique\"},\"image\":{\"@id\":\"https:\/\/elfogondeenrique.es\/#\/schema\/logo\/image\/\"}}]}<\/script>\n<!-- \/ Yoast SEO plugin. -->","yoast_head_json":{"title":"El Fog\u00f3n de Enrique - Mota del Cuervo - El Fog\u00f3n de Enrique","robots":{"index":"index","follow":"follow","max-snippet":"max-snippet:-1","max-image-preview":"max-image-preview:large","max-video-preview":"max-video-preview:-1"},"canonical":"https:\/\/elfogondeenrique.es\/index.php\/inicio\/","og_locale":"es_ES","og_type":"article","og_title":"El Fog\u00f3n de Enrique - Mota del Cuervo - El Fog\u00f3n de Enrique","og_description":"Compromiso local Somos parte de nuestro pueblo y regi\u00f3n. Trabajamos por la cercan\u00eda y el medioambiente. Sin Gluten Opciones veganas y sin gluten en nuestra carta. Wi-fi Nuestro local dispone de conectividad para que no te quedes desconectado. Vinos Disfruta de nuestra carta de vinos con los mejores caldos de La Mancha. El Restaurante Comidas [&hellip;]","og_url":"https:\/\/elfogondeenrique.es\/index.php\/inicio\/","og_site_name":"El Fog\u00f3n de Enrique","article_modified_time":"2023-08-01T10:59:35+00:00","og_image":[{"url":"https:\/\/elfogondeenrique.es\/wp-content\/uploads\/2023\/07\/Orion_recycle.png"}],"twitter_card":"summary_large_image","twitter_misc":{"Tiempo de lectura":"5 minutos"},"schema":{"@context":"https:\/\/schema.org","@graph":[{"@type":"WebPage","@id":"https:\/\/elfogondeenrique.es\/index.php\/inicio\/","url":"https:\/\/elfogondeenrique.es\/index.php\/inicio\/","name":"El Fog\u00f3n de Enrique - Mota del Cuervo - El Fog\u00f3n de Enrique","isPartOf":{"@id":"https:\/\/elfogondeenrique.es\/#website"},"datePublished":"2023-07-15T08:10:43+00:00","dateModified":"2023-08-01T10:59:35+00:00","breadcrumb":{"@id":"https:\/\/elfogondeenrique.es\/index.php\/inicio\/#breadcrumb"},"inLanguage":"es","potentialAction":[{"@type":"ReadAction","target":["https:\/\/elfogondeenrique.es\/index.php\/inicio\/"]}]},{"@type":"BreadcrumbList","@id":"https:\/\/elfogondeenrique.es\/index.php\/inicio\/#breadcrumb","itemListElement":[{"@type":"ListItem","position":1,"name":"Portada","item":"https:\/\/elfogondeenrique.es\/"},{"@type":"ListItem","position":2,"name":"El Fog\u00f3n de Enrique &#8211; Mota del Cuervo"}]},{"@type":"WebSite","@id":"https:\/\/elfogondeenrique.es\/#website","url":"https:\/\/elfogondeenrique.es\/","name":"El Fog\u00f3n de Enrique","description":"","publisher":{"@id":"https:\/\/elfogondeenrique.es\/#organization"},"potentialAction":[{"@type":"SearchAction","target":{"@type":"EntryPoint","urlTemplate":"https:\/\/elfogondeenrique.es\/?s={search_term_string}"},"query-input":"required name=search_term_string"}],"inLanguage":"es"},{"@type":"Organization","@id":"https:\/\/elfogondeenrique.es\/#organization","name":"El Fog\u00f3n de Enrique","url":"https:\/\/elfogondeenrique.es\/","logo":{"@type":"ImageObject","inLanguage":"es","@id":"https:\/\/elfogondeenrique.es\/#\/schema\/logo\/image\/","url":"https:\/\/elfogondeenrique.es\/wp-content\/uploads\/2023\/07\/cropped-logo-fogon.png","contentUrl":"https:\/\/elfogondeenrique.es\/wp-content\/uploads\/2023\/07\/cropped-logo-fogon.png","width":94,"height":148,"caption":"El Fog\u00f3n de Enrique"},"image":{"@id":"https:\/\/elfogondeenrique.es\/#\/schema\/logo\/image\/"}}]}},"_links":{"self":[{"href":"https:\/\/elfogondeenrique.es\/index.php\/wp-json\/wp\/v2\/pages\/10","targetHints":{"allow":["GET"]}}],"collection":[{"href":"https:\/\/elfogondeenrique.es\/index.php\/wp-json\/wp\/v2\/pages"}],"about":[{"href":"https:\/\/elfogondeenrique.es\/index.php\/wp-json\/wp\/v2\/types\/page"}],"author":[{"embeddable":true,"href":"https:\/\/elfogondeenrique.es\/index.php\/wp-json\/wp\/v2\/users\/1"}],"replies":[{"embeddable":true,"href":"https:\/\/elfogondeenrique.es\/index.php\/wp-json\/wp\/v2\/comments?post=10"}],"version-history":[{"count":7,"href":"https:\/\/elfogondeenrique.es\/index.php\/wp-json\/wp\/v2\/pages\/10\/revisions"}],"predecessor-version":[{"id":119,"href":"https:\/\/elfogondeenrique.es\/index.php\/wp-json\/wp\/v2\/pages\/10\/revisions\/119"}],"wp:attachment":[{"href":"https:\/\/elfogondeenrique.es\/index.php\/wp-json\/wp\/v2\/media?parent=10"}],"curies":[{"name":"wp","href":"https:\/\/api.w.org\/{rel}","templated":true}]}}